{"id":360,"date":"2010-10-16T16:21:00","date_gmt":"2010-10-16T16:21:00","guid":{"rendered":"https:\/\/www.rolanddreger.net\/de\/?post_type=project&#038;p=360"},"modified":"2015-02-12T14:36:22","modified_gmt":"2015-02-12T14:36:22","slug":"67-lichtminuten","status":"publish","type":"project","link":"https:\/\/www.rolanddreger.net\/de\/projects\/67-lichtminuten\/","title":{"rendered":"67 Lichtminuten"},"content":{"rendered":"<p><img loading=\"lazy\" decoding=\"async\" class=\"alignnone size-full wp-image-366\" src=\"https:\/\/www.rolanddreger.net\/de\/wp-content\/uploads\/2015\/02\/RGB_OKT_16_05_1637.jpg\" alt=\"67 Lichtminuten\" width=\"624\" height=\"424\" srcset=\"https:\/\/www.rolanddreger.net\/de\/wp-content\/uploads\/2015\/02\/RGB_OKT_16_05_1637.jpg 624w, https:\/\/www.rolanddreger.net\/de\/wp-content\/uploads\/2015\/02\/RGB_OKT_16_05_1637-589x400.jpg 589w\" sizes=\"auto, (max-width: 624px) 100vw, 624px\" \/><\/p>\n<h3>67 Lichtminuten<\/h3>\n<p class=\"initial\">Formale Klammer der Bildserie \u00bb67 Lichtminuten\u00ab ist die Bildsprache der Wissenschaft, genauer gesagt der Astronomie. Nur sind es nicht Planeten- oder Mondoberfl\u00e4chen, die einer (objektiven) Analyse unterzogen werden, sondern Oberfl\u00e4chen sakraler Architektur.<\/p>\n<p><img loading=\"lazy\" decoding=\"async\" class=\"alignnone size-full wp-image-368\" src=\"https:\/\/www.rolanddreger.net\/de\/wp-content\/uploads\/2015\/02\/taufbecken.jpg\" alt=\"67 Lichtminuten\" width=\"624\" height=\"415\" srcset=\"https:\/\/www.rolanddreger.net\/de\/wp-content\/uploads\/2015\/02\/taufbecken.jpg 624w, https:\/\/www.rolanddreger.net\/de\/wp-content\/uploads\/2015\/02\/taufbecken-601x400.jpg 601w\" sizes=\"auto, (max-width: 624px) 100vw, 624px\" \/><\/p>\n<p><img loading=\"lazy\" decoding=\"async\" class=\"alignnone size-full wp-image-369\" src=\"https:\/\/www.rolanddreger.net\/de\/wp-content\/uploads\/2015\/02\/vorraum.jpg\" alt=\"67 Lichtminuten\" width=\"624\" height=\"415\" srcset=\"https:\/\/www.rolanddreger.net\/de\/wp-content\/uploads\/2015\/02\/vorraum.jpg 624w, https:\/\/www.rolanddreger.net\/de\/wp-content\/uploads\/2015\/02\/vorraum-601x400.jpg 601w\" sizes=\"auto, (max-width: 624px) 100vw, 624px\" \/><\/p>\n<p><img loading=\"lazy\" decoding=\"async\" class=\"alignnone size-full wp-image-367\" src=\"https:\/\/www.rolanddreger.net\/de\/wp-content\/uploads\/2015\/02\/RGB_OKT_17_04_1703.jpg\" alt=\"67 Lichtminuten\" width=\"624\" height=\"424\" srcset=\"https:\/\/www.rolanddreger.net\/de\/wp-content\/uploads\/2015\/02\/RGB_OKT_17_04_1703.jpg 624w, https:\/\/www.rolanddreger.net\/de\/wp-content\/uploads\/2015\/02\/RGB_OKT_17_04_1703-589x400.jpg 589w\" sizes=\"auto, (max-width: 624px) 100vw, 624px\" \/><\/p>\n<p><img loading=\"lazy\" decoding=\"async\" class=\"alignnone size-full wp-image-365\" src=\"https:\/\/www.rolanddreger.net\/de\/wp-content\/uploads\/2015\/02\/RGB_JUL_9_09_1140.jpg\" alt=\"67 Lichtminuten\" width=\"624\" height=\"424\" srcset=\"https:\/\/www.rolanddreger.net\/de\/wp-content\/uploads\/2015\/02\/RGB_JUL_9_09_1140.jpg 624w, https:\/\/www.rolanddreger.net\/de\/wp-content\/uploads\/2015\/02\/RGB_JUL_9_09_1140-589x400.jpg 589w\" sizes=\"auto, (max-width: 624px) 100vw, 624px\" \/><\/p>\n<p><img loading=\"lazy\" decoding=\"async\" class=\"alignnone size-full wp-image-364\" src=\"https:\/\/www.rolanddreger.net\/de\/wp-content\/uploads\/2015\/02\/kirchenschiff_rechts_vorne.jpg\" alt=\"67 Lichtminuten\" width=\"624\" height=\"415\" srcset=\"https:\/\/www.rolanddreger.net\/de\/wp-content\/uploads\/2015\/02\/kirchenschiff_rechts_vorne.jpg 624w, https:\/\/www.rolanddreger.net\/de\/wp-content\/uploads\/2015\/02\/kirchenschiff_rechts_vorne-601x400.jpg 601w\" sizes=\"auto, (max-width: 624px) 100vw, 624px\" \/><\/p>\n","protected":false},"excerpt":{"rendered":"<p>Bildserie \u00bb67 Lichtminuten\u00ab: Oberfl\u00e4chen sakraler Architektur \u2013 als Spiegel religi\u00f6sen Lebens, als Ausdruck religi\u00f6ser Identit\u00e4t und menschlicher Interpretation.<\/p>\n","protected":false},"featured_media":308,"menu_order":0,"template":"","meta":[],"class_list":["post-360","project","type-project","status-publish","has-post-thumbnail","hentry","projects-photography"],"_links":{"self":[{"href":"https:\/\/www.rolanddreger.net\/de\/wp-json\/wp\/v2\/projects\/360","targetHints":{"allow":["GET"]}}],"collection":[{"href":"https:\/\/www.rolanddreger.net\/de\/wp-json\/wp\/v2\/projects"}],"about":[{"href":"https:\/\/www.rolanddreger.net\/de\/wp-json\/wp\/v2\/types\/project"}],"wp:featuredmedia":[{"embeddable":true,"href":"https:\/\/www.rolanddreger.net\/de\/wp-json\/wp\/v2\/media\/308"}],"wp:attachment":[{"href":"https:\/\/www.rolanddreger.net\/de\/wp-json\/wp\/v2\/media?parent=360"}],"curies":[{"name":"wp","href":"https:\/\/api.w.org\/{rel}","templated":true}]}}